{"id":1212,"date":"2025-08-04T14:37:50","date_gmt":"2025-08-04T14:37:50","guid":{"rendered":"https:\/\/greenglam.at\/?post_type=tribe_events&#038;p=1212"},"modified":"2025-08-04T14:41:16","modified_gmt":"2025-08-04T14:41:16","slug":"1212","status":"publish","type":"tribe_events","link":"https:\/\/greenglam.at\/en\/event\/1212\/","title":{"rendered":"IConCMT 2025"},"content":{"rendered":"<h2 data-start=\"258\" data-end=\"372\">7. Internationale Konferenz f\u00fcr Creative\\Media\/Technologies<\/h2>\n<p data-start=\"258\" data-end=\"372\"><span class=\"relative -mx-px my-[-0.2rem] rounded px-px py-[0.2rem] transition-colors duration-100 ease-in-out\">IConCMT f\u00f6rdert gezielt den interdisziplin\u00e4ren Dialog zwischen Medien, Technologie, Kreativdesign sowie gesellschaftlichen, kulturellen und wirtschaftlichen Rahmenbedingungen.<\/span>\u00a0<span class=\"relative -mx-px my-[-0.2rem] rounded px-px py-[0.2rem] transition-colors duration-100 ease-in-out\">Ziel ist es, innovative Synergien durch breit gef\u00e4cherten Austausch zu schaffen \u2013 die Konferenz bietet daf\u00fcr ein dynamisches Forum f\u00fcr Forscher:innen, Designer:innen und Praktiker:innen.<\/span><\/p>\n<h3 data-start=\"374\" data-end=\"395\">Schwerpunkte 2025<\/h3>\n<ul>\n<li data-start=\"399\" data-end=\"518\"><span class=\"relative -mx-px my-[-0.2rem] rounded px-px py-[0.2rem] transition-colors duration-100 ease-in-out\"><strong data-start=\"0\" data-end=\"40\" data-is-last-node=\"\" data-is-only-node=\"\">15 Jahre digitale (R\u00fcck\u2011)Entwicklung<\/strong><\/span><br data-start=\"436\" data-end=\"439\" \/><span class=\"relative -mx-px my-[-0.2rem] rounded px-px py-[0.2rem] transition-colors duration-100 ease-in-out\">Historische Betrachtungen sowie aktuelle Trends und Entwicklungen digitaler Kultur<\/span><\/li>\n<li data-start=\"521\" data-end=\"646\"><span class=\"relative -mx-px my-[-0.2rem] rounded px-px py-[0.2rem] transition-colors duration-100 ease-in-out\"><strong data-start=\"0\" data-end=\"39\" data-is-last-node=\"\" data-is-only-node=\"\">Anwendungen von KI, AI, XR, VR &amp; AR<\/strong><\/span><br data-start=\"560\" data-end=\"563\" \/><span class=\"relative -mx-px my-[-0.2rem] rounded px-px py-[0.2rem] transition-colors duration-100 ease-in-out\">Nutzerorientierte Projekte in Gesundheit, Industrie, Kunst und Medien<\/span><\/li>\n<li data-start=\"649\" data-end=\"774\"><span class=\"relative -mx-px my-[-0.2rem] rounded px-px py-[0.2rem] transition-colors duration-100 ease-in-out\"><strong data-start=\"0\" data-end=\"32\" data-is-last-node=\"\" data-is-only-node=\"\">Media Frames in Krisenzeiten<\/strong><\/span><br data-start=\"688\" data-end=\"691\" \/><span class=\"relative -mx-px my-[-0.2rem] rounded px-px py-[0.2rem] transition-colors duration-100 ease-in-out\">Narrative und Kommunikationsstrategien angesichts Krieg, Klimawandel, Demokratiebedrohungen<\/span><\/li>\n<li data-start=\"777\" data-end=\"902\"><span class=\"relative -mx-px my-[-0.2rem] rounded px-px py-[0.2rem] transition-colors duration-100 ease-in-out\"><strong data-start=\"0\" data-end=\"37\" data-is-last-node=\"\" data-is-only-node=\"\">Sonifikation &amp; interaktives Audio<\/strong><\/span><br data-start=\"816\" data-end=\"819\" \/><span class=\"relative -mx-px my-[-0.2rem] rounded px-px py-[0.2rem] transition-colors duration-100 ease-in-out\">Forschung rund um Datenklang, r\u00e4umliches Audio, akustische Feedback\u2011 und Erlebnisgestaltung<\/span><\/li>\n<li data-start=\"905\" data-end=\"1030\"><span class=\"relative -mx-px my-[-0.2rem] rounded px-px py-[0.2rem] transition-colors duration-100 ease-in-out\"><strong data-start=\"0\" data-end=\"37\" data-is-last-node=\"\" data-is-only-node=\"\">User Experience in Kunst &amp; Kultur<\/strong><\/span><br data-start=\"944\" data-end=\"947\" \/><span class=\"relative -mx-px my-[-0.2rem] rounded px-px py-[0.2rem] transition-colors duration-100 ease-in-out\">Empirische Studien zur technologischen Transformation von Besuchserlebnissen (Museen, Festivals, Tourismus etc.)<\/span><\/li>\n<\/ul>","protected":false},"excerpt":{"rendered":"<p>Teilnahme &#038; Beitr\u00e4ge<\/p>\n<p>Formate: Vortr\u00e4ge, Poster, PhD-Projekte, Demos und k\u00fcnstlerische Interventionen<\/p>\n<p>Einreichfristen &#038; Geb\u00fchren: Deadline Abstract-Einreichung war urspr\u00fcnglich 2. Juni 2025, verl\u00e4ngert bis 12. August 2025 <\/p>","protected":false},"author":28,"featured_media":1220,"template":"","meta":{"_tribe_events_status":"","_tribe_events_status_reason":"","footnotes":""},"tags":[],"tribe_events_cat":[11],"class_list":["post-1212","tribe_events","type-tribe_events","status-publish","has-post-thumbnail","hentry","tribe_events_cat-events","cat_events"],"yoast_head":"<!-- This site is optimized with the Yoast SEO plugin v26.3 - https:\/\/yoast.com\/wordpress\/plugins\/seo\/ -->\n<title>IConCMT 2025 - GreenGLAM<\/title>\n<meta name=\"description\" content=\"The 7th International Conference on CreativeMedia\/Technologies (IConCMT) will be held at St. P\u00f6lten University of Applied Sciences (UAS) from November 25th to 27th, 2025. The event offers a dynamic platform for interdisciplinary collaboration across the broad spectrum of media and digital technologies.\" \/>\n<meta name=\"robots\" content=\"index, follow, max-snippet:-1, max-image-preview:large, max-video-preview:-1\" \/>\n<link rel=\"canonical\" href=\"https:\/\/greenglam.at\/en\/event\/1212\/\" \/>\n<meta property=\"og:locale\" content=\"en_GB\" \/>\n<meta property=\"og:type\" content=\"article\" \/>\n<meta property=\"og:title\" content=\"IConCMT 2025 - GreenGLAM\" \/>\n<meta property=\"og:description\" content=\"The 7th International Conference on CreativeMedia\/Technologies (IConCMT) will be held at St. P\u00f6lten University of Applied Sciences (UAS) from November 25th to 27th, 2025. The event offers a dynamic platform for interdisciplinary collaboration across the broad spectrum of media and digital technologies.\" \/>\n<meta property=\"og:url\" content=\"https:\/\/greenglam.at\/en\/event\/1212\/\" \/>\n<meta property=\"og:site_name\" content=\"GreenGLAM\" \/>\n<meta property=\"article:modified_time\" content=\"2025-08-04T14:41:16+00:00\" \/>\n<meta property=\"og:image\" content=\"https:\/\/greenglam.at\/wp-content\/uploads\/2025\/08\/Vorlage-DIO-Events-1024x576-13.jpg\" \/>\n\t<meta property=\"og:image:width\" content=\"1024\" \/>\n\t<meta property=\"og:image:height\" content=\"576\" \/>\n\t<meta property=\"og:image:type\" content=\"image\/jpeg\" \/>\n<meta name=\"twitter:card\" content=\"summary_large_image\" \/>\n<meta name=\"twitter:label1\" content=\"Estimated reading time\" \/>\n\t<meta name=\"twitter:data1\" content=\"1 minute\" \/>\n<script type=\"application\/ld+json\" class=\"yoast-schema-graph\">{\"@context\":\"https:\/\/schema.org\",\"@graph\":[{\"@type\":\"WebPage\",\"@id\":\"https:\/\/greenglam.at\/event\/1212\/\",\"url\":\"https:\/\/greenglam.at\/event\/1212\/\",\"name\":\"IConCMT 2025 - GreenGLAM\",\"isPartOf\":{\"@id\":\"https:\/\/greenglam.at\/#website\"},\"primaryImageOfPage\":{\"@id\":\"https:\/\/greenglam.at\/event\/1212\/#primaryimage\"},\"image\":{\"@id\":\"https:\/\/greenglam.at\/event\/1212\/#primaryimage\"},\"thumbnailUrl\":\"https:\/\/greenglam.at\/wp-content\/uploads\/2025\/08\/Vorlage-DIO-Events-1024x576-13.jpg\",\"datePublished\":\"2025-08-04T14:37:50+00:00\",\"dateModified\":\"2025-08-04T14:41:16+00:00\",\"description\":\"The 7th International Conference on Creative\\\\Media\/Technologies (IConCMT) will be held at St. P\u00f6lten University of Applied Sciences (UAS) from November 25th to 27th, 2025. The event offers a dynamic platform for interdisciplinary collaboration across the broad spectrum of media and digital technologies.\",\"breadcrumb\":{\"@id\":\"https:\/\/greenglam.at\/event\/1212\/#breadcrumb\"},\"inLanguage\":\"en-GB\",\"potentialAction\":[{\"@type\":\"ReadAction\",\"target\":[\"https:\/\/greenglam.at\/event\/1212\/\"]}]},{\"@type\":\"ImageObject\",\"inLanguage\":\"en-GB\",\"@id\":\"https:\/\/greenglam.at\/event\/1212\/#primaryimage\",\"url\":\"https:\/\/greenglam.at\/wp-content\/uploads\/2025\/08\/Vorlage-DIO-Events-1024x576-13.jpg\",\"contentUrl\":\"https:\/\/greenglam.at\/wp-content\/uploads\/2025\/08\/Vorlage-DIO-Events-1024x576-13.jpg\",\"width\":1024,\"height\":576},{\"@type\":\"BreadcrumbList\",\"@id\":\"https:\/\/greenglam.at\/event\/1212\/#breadcrumb\",\"itemListElement\":[{\"@type\":\"ListItem\",\"position\":1,\"name\":\"Home\",\"item\":\"https:\/\/greenglam.at\/\"},{\"@type\":\"ListItem\",\"position\":2,\"name\":\"Events\",\"item\":\"https:\/\/greenglam.at\/events\/\"},{\"@type\":\"ListItem\",\"position\":3,\"name\":\"IConCMT 2025\"}]},{\"@type\":\"WebSite\",\"@id\":\"https:\/\/greenglam.at\/#website\",\"url\":\"https:\/\/greenglam.at\/\",\"name\":\"GreenGLAM\",\"description\":\"\",\"potentialAction\":[{\"@type\":\"SearchAction\",\"target\":{\"@type\":\"EntryPoint\",\"urlTemplate\":\"https:\/\/greenglam.at\/?s={search_term_string}\"},\"query-input\":{\"@type\":\"PropertyValueSpecification\",\"valueRequired\":true,\"valueName\":\"search_term_string\"}}],\"inLanguage\":\"en-GB\"}]}<\/script>\n<!-- \/ Yoast SEO plugin. -->","yoast_head_json":{"title":"IConCMT 2025 - GreenGLAM","description":"The 7th International Conference on CreativeMedia\/Technologies (IConCMT) will be held at St. P\u00f6lten University of Applied Sciences (UAS) from November 25th to 27th, 2025. The event offers a dynamic platform for interdisciplinary collaboration across the broad spectrum of media and digital technologies.","robots":{"index":"index","follow":"follow","max-snippet":"max-snippet:-1","max-image-preview":"max-image-preview:large","max-video-preview":"max-video-preview:-1"},"canonical":"https:\/\/greenglam.at\/en\/event\/1212\/","og_locale":"en_GB","og_type":"article","og_title":"IConCMT 2025 - GreenGLAM","og_description":"The 7th International Conference on CreativeMedia\/Technologies (IConCMT) will be held at St. P\u00f6lten University of Applied Sciences (UAS) from November 25th to 27th, 2025. The event offers a dynamic platform for interdisciplinary collaboration across the broad spectrum of media and digital technologies.","og_url":"https:\/\/greenglam.at\/en\/event\/1212\/","og_site_name":"GreenGLAM","article_modified_time":"2025-08-04T14:41:16+00:00","og_image":[{"width":1024,"height":576,"url":"https:\/\/greenglam.at\/wp-content\/uploads\/2025\/08\/Vorlage-DIO-Events-1024x576-13.jpg","type":"image\/jpeg"}],"twitter_card":"summary_large_image","twitter_misc":{"Estimated reading time":"1 minute"},"schema":{"@context":"https:\/\/schema.org","@graph":[{"@type":"WebPage","@id":"https:\/\/greenglam.at\/event\/1212\/","url":"https:\/\/greenglam.at\/event\/1212\/","name":"IConCMT 2025 - GreenGLAM","isPartOf":{"@id":"https:\/\/greenglam.at\/#website"},"primaryImageOfPage":{"@id":"https:\/\/greenglam.at\/event\/1212\/#primaryimage"},"image":{"@id":"https:\/\/greenglam.at\/event\/1212\/#primaryimage"},"thumbnailUrl":"https:\/\/greenglam.at\/wp-content\/uploads\/2025\/08\/Vorlage-DIO-Events-1024x576-13.jpg","datePublished":"2025-08-04T14:37:50+00:00","dateModified":"2025-08-04T14:41:16+00:00","description":"The 7th International Conference on Creative\\Media\/Technologies (IConCMT) will be held at St. P\u00f6lten University of Applied Sciences (UAS) from November 25th to 27th, 2025. The event offers a dynamic platform for interdisciplinary collaboration across the broad spectrum of media and digital technologies.","breadcrumb":{"@id":"https:\/\/greenglam.at\/event\/1212\/#breadcrumb"},"inLanguage":"en-GB","potentialAction":[{"@type":"ReadAction","target":["https:\/\/greenglam.at\/event\/1212\/"]}]},{"@type":"ImageObject","inLanguage":"en-GB","@id":"https:\/\/greenglam.at\/event\/1212\/#primaryimage","url":"https:\/\/greenglam.at\/wp-content\/uploads\/2025\/08\/Vorlage-DIO-Events-1024x576-13.jpg","contentUrl":"https:\/\/greenglam.at\/wp-content\/uploads\/2025\/08\/Vorlage-DIO-Events-1024x576-13.jpg","width":1024,"height":576},{"@type":"BreadcrumbList","@id":"https:\/\/greenglam.at\/event\/1212\/#breadcrumb","itemListElement":[{"@type":"ListItem","position":1,"name":"Home","item":"https:\/\/greenglam.at\/"},{"@type":"ListItem","position":2,"name":"Events","item":"https:\/\/greenglam.at\/events\/"},{"@type":"ListItem","position":3,"name":"IConCMT 2025"}]},{"@type":"WebSite","@id":"https:\/\/greenglam.at\/#website","url":"https:\/\/greenglam.at\/","name":"GreenGLAM project","description":"","potentialAction":[{"@type":"SearchAction","target":{"@type":"EntryPoint","urlTemplate":"https:\/\/greenglam.at\/?s={search_term_string}"},"query-input":{"@type":"PropertyValueSpecification","valueRequired":true,"valueName":"search_term_string"}}],"inLanguage":"en-GB"}]}},"_links":{"self":[{"href":"https:\/\/greenglam.at\/en\/wp-json\/wp\/v2\/tribe_events\/1212","targetHints":{"allow":["GET"]}}],"collection":[{"href":"https:\/\/greenglam.at\/en\/wp-json\/wp\/v2\/tribe_events"}],"about":[{"href":"https:\/\/greenglam.at\/en\/wp-json\/wp\/v2\/types\/tribe_events"}],"author":[{"embeddable":true,"href":"https:\/\/greenglam.at\/en\/wp-json\/wp\/v2\/users\/28"}],"version-history":[{"count":8,"href":"https:\/\/greenglam.at\/en\/wp-json\/wp\/v2\/tribe_events\/1212\/revisions"}],"predecessor-version":[{"id":1222,"href":"https:\/\/greenglam.at\/en\/wp-json\/wp\/v2\/tribe_events\/1212\/revisions\/1222"}],"wp:featuredmedia":[{"embeddable":true,"href":"https:\/\/greenglam.at\/en\/wp-json\/wp\/v2\/media\/1220"}],"wp:attachment":[{"href":"https:\/\/greenglam.at\/en\/wp-json\/wp\/v2\/media?parent=1212"}],"wp:term":[{"taxonomy":"post_tag","embeddable":true,"href":"https:\/\/greenglam.at\/en\/wp-json\/wp\/v2\/tags?post=1212"},{"taxonomy":"tribe_events_cat","embeddable":true,"href":"https:\/\/greenglam.at\/en\/wp-json\/wp\/v2\/tribe_events_cat?post=1212"}],"curies":[{"name":"wp","href":"https:\/\/api.w.org\/{rel}","templated":true}]}}